{"id":21,"date":"2019-04-03T10:48:35","date_gmt":"2019-04-03T10:48:35","guid":{"rendered":"http:\/\/fh-adler.de\/?page_id=21"},"modified":"2024-01-26T08:39:08","modified_gmt":"2024-01-26T08:39:08","slug":"das-ferienhaus","status":"publish","type":"page","link":"https:\/\/fh-adler.de\/?page_id=21","title":{"rendered":"Das Ferienhaus"},"content":{"rendered":"\t\t<div data-elementor-type=\"wp-post\" data-elementor-id=\"21\" class=\"elementor elementor-21\">\n\t\t\t\t\t\t<div class=\"elementor-inner\">\n\t\t\t\t<div class=\"elementor-section-wrap\">\n\t\t\t\t\t\t\t\t\t<section class=\"elementor-section elementor-top-section elementor-element elementor-element-1b32d343 elementor-section-boxed elementor-section-height-default elementor-section-height-default\" data-id=\"1b32d343\" data-element_type=\"section\">\n\t\t\t\t\t\t<div class=\"elementor-container elementor-column-gap-default\">\n\t\t\t\t\t\t\t<div class=\"elementor-row\">\n\t\t\t\t\t<div class=\"elementor-column elementor-col-100 elementor-top-column elementor-element elementor-element-90a5ef7\" data-id=\"90a5ef7\" data-element_type=\"column\">\n\t\t\t<div class=\"elementor-column-wrap elementor-element-populated\">\n\t\t\t\t\t\t\t<div class=\"elementor-widget-wrap\">\n\t\t\t\t\t\t<div class=\"elementor-element elementor-element-40c0a5f3 elementor-widget elementor-widget-text-editor\" data-id=\"40c0a5f3\" data-element_type=\"widget\" data-widget_type=\"text-editor.default\">\n\t\t\t\t<div class=\"elementor-widget-container\">\n\t\t\t\t\t\t\t\t<div class=\"elementor-text-editor elementor-clearfix\">\n\t\t\t\t<p class=\"has-drop-cap\"><span style=\"color: #000000;\">Das Ferienhaus wurde 1999 im regionalen Stil unter Beachtung baubiologischer Grunds\u00e4tze errichtet. Im Erdgeschoss (siehe Fotos) erwartet Sie ein gro\u00dfz\u00fcgiger Aufenthaltsraum (ca. 35 qm) mit integrierter komplett eingerichteter K\u00fcche und einer Blockbohlen-Sauna. Des Weiteren befindet sich hier ein Schlafraum f\u00fcr zwei Personen (zumeist f\u00fcr die Kinder genutzt) sowie ein WC mit Dusche.Im Obergeschoss (s. Fotos) finden Sie einen Aufenthaltsraum (ca. 25 qm) und einen Schlafraum mit Doppelbett. Der Aufenthaltsraum kann als zus\u00e4tzliche Schlafm\u00f6glichkeit f\u00fcr zwei Personen genutzt werden und bietet einen weiten Ausblick in die bewaldete H\u00fcgel-Landschaft, auf weidende Rinder oder \u2013 mit etwas Gl\u00fcck\u00a0<span style=\"letter-spacing: 0px;\">\u2013<\/span><span style=\"letter-spacing: 0px;\">\u00a0<\/span><span style=\"letter-spacing: 0px;\">auch auf St\u00f6rche und Kraniche. Das Ferienhaus ist technisch modern ausgestattet:\u00a0<\/span><\/span><\/p>\n<p><span style=\"color: #000000;\">Blockbohlen-Sauna, Ceran-Herd, Sp\u00fclmaschine, SAT-TV,\u00a0W-LAN,\u00a0CD-Player, Zentralheizung, Kaminofen etc.\u00a0Am Ferienhaus befindet sich ein lauschiges Pl\u00e4tzchen mit Gartenm\u00f6beln und Grill.\u00a0<\/span><\/p>\n<p><span style=\"color: #000000;\"><!-- \/wp:paragraph --><!-- wp:heading --><\/span><\/p>\n<h2 style=\"text-align: center;\"><span style=\"color: #000000;\">&#8230; und seine Lage<\/span><\/h2>\n<p><span style=\"color: #000000;\"><!-- \/wp:heading --><!-- wp:paragraph --><\/span><\/p>\n<p><span style=\"color: #000000;\">Das Ferienhaus ist ruhig gelegen, im alten Dorfkern, aber im stra\u00dfenabgewandten Gartenteil des ehemaligen Bauerngeh\u00f6ftes auf einem 1ha gro\u00dfen Grundst\u00fcck.\u00a0<\/span><\/p>\n<p><span style=\"color: #000000;\">Im Garten finden Sie alte Apfelb\u00e4ume, interessante Pflanzen und einen im traditionell b\u00e4uerlichen Stil angelegten, \u00f6kologisch bewirtschafteten Gem\u00fcsegarten, dem Sie auch gern frische Gew\u00fcrze etc. entnehmen k\u00f6nnen. An den Garten grenzt eine Weide f\u00fcr meine bunte Gefl\u00fcgelschar (H\u00fchner, G\u00e4nse, Enten..) und die K\u00fche des Nachbarn. Fr\u00fchst\u00fcckseier von meinen \u00d6ko-H\u00fchnern gibt es gratis (wenn sie gut legen) und \u00c4pfel nat\u00fcrlich auch. Auf dem Grundst\u00fcck befindet sich eine ausgebaute alte Feldsteinscheune, in der ich wohne.<\/span><\/p>\n<p><!-- \/wp:paragraph --><!-- wp:paragraph --><\/p>\n<p><!-- \/wp:paragraph --><\/p>\t\t\t\t\t<\/div>\n\t\t\t\t\t\t<\/div>\n\t\t\t\t<\/div>\n\t\t\t\t\t\t<\/div>\n\t\t\t\t\t<\/div>\n\t\t<\/div>\n\t\t\t\t\t\t\t\t<\/div>\n\t\t\t\t\t<\/div>\n\t\t<\/section>\n\t\t\t\t<section class=\"elementor-section elementor-top-section elementor-element elementor-element-8e834b0 elementor-section-boxed elementor-section-height-default elementor-section-height-default\" data-id=\"8e834b0\" data-element_type=\"section\">\n\t\t\t\t\t\t<div class=\"elementor-container elementor-column-gap-default\">\n\t\t\t\t\t\t\t<div class=\"elementor-row\">\n\t\t\t\t\t<div class=\"elementor-column elementor-col-100 elementor-top-column elementor-element elementor-element-4d35a1a\" data-id=\"4d35a1a\" data-element_type=\"column\">\n\t\t\t<div class=\"elementor-column-wrap elementor-element-populated\">\n\t\t\t\t\t\t\t<div class=\"elementor-widget-wrap\">\n\t\t\t\t\t\t<div class=\"elementor-element elementor-element-2ab0d9d elementor-widget elementor-widget-image-gallery\" data-id=\"2ab0d9d\" data-element_type=\"widget\" data-widget_type=\"image-gallery.default\">\n\t\t\t\t<div class=\"elementor-widget-container\">\n\t\t\t\t\t<div class=\"elementor-image-gallery\">\n\t\t\t<div id='gallery-1' class='gallery galleryid-21 gallery-columns-4 gallery-size-thumbnail'><figure class='gallery-item'>\n\t\t\t<div class='gallery-icon landscape'>\n\t\t\t\t<a data-elementor-open-lightbox=\"yes\" data-elementor-lightbox-slideshow=\"2ab0d9d\" data-elementor-lightbox-title=\"IMG_2315 kompr\" e-action-hash=\"#elementor-action%3Aaction%3Dlightbox%26settings%3DeyJpZCI6MjU0LCJ1cmwiOiJodHRwczpcL1wvZmgtYWRsZXIuZGVcL3dwLWNvbnRlbnRcL3VwbG9hZHNcLzIwMTlcLzA0XC9JTUdfMjMxNS1rb21wci5qcGciLCJzbGlkZXNob3ciOiIyYWIwZDlkIn0%3D\" href='https:\/\/fh-adler.de\/wp-content\/uploads\/2019\/04\/IMG_2315-kompr.jpg'><img loading=\"lazy\" decoding=\"async\" width=\"150\" height=\"150\" src=\"https:\/\/fh-adler.de\/wp-content\/uploads\/2019\/04\/IMG_2315-kompr-150x150.jpg\" class=\"attachment-thumbnail size-thumbnail\" alt=\"\" aria-describedby=\"gallery-1-254\" srcset=\"https:\/\/fh-adler.de\/wp-content\/uploads\/2019\/04\/IMG_2315-kompr-150x150.jpg 150w, https:\/\/fh-adler.de\/wp-content\/uploads\/2019\/04\/IMG_2315-kompr-300x300.jpg 300w, https:\/\/fh-adler.de\/wp-content\/uploads\/2019\/04\/IMG_2315-kompr-75x75.jpg 75w\" sizes=\"(max-width: 150px) 100vw, 150px\" \/><\/a>\n\t\t\t<\/div>\n\t\t\t\t<figcaption class='wp-caption-text gallery-caption' id='gallery-1-254'>\n\t\t\t\tAnsicht Ferienhaus\n\t\t\t\t<\/figcaption><\/figure><figure class='gallery-item'>\n\t\t\t<div class='gallery-icon landscape'>\n\t\t\t\t<a data-elementor-open-lightbox=\"yes\" data-elementor-lightbox-slideshow=\"2ab0d9d\" data-elementor-lightbox-title=\"IMG_2320 kompr\" e-action-hash=\"#elementor-action%3Aaction%3Dlightbox%26settings%3DeyJpZCI6MjU3LCJ1cmwiOiJodHRwczpcL1wvZmgtYWRsZXIuZGVcL3dwLWNvbnRlbnRcL3VwbG9hZHNcLzIwMTlcLzA0XC9JTUdfMjMyMC1rb21wci5qcGciLCJzbGlkZXNob3ciOiIyYWIwZDlkIn0%3D\" href='https:\/\/fh-adler.de\/wp-content\/uploads\/2019\/04\/IMG_2320-kompr.jpg'><img loading=\"lazy\" decoding=\"async\" width=\"150\" height=\"150\" src=\"https:\/\/fh-adler.de\/wp-content\/uploads\/2019\/04\/IMG_2320-kompr-150x150.jpg\" class=\"attachment-thumbnail size-thumbnail\" alt=\"\" aria-describedby=\"gallery-1-257\" srcset=\"https:\/\/fh-adler.de\/wp-content\/uploads\/2019\/04\/IMG_2320-kompr-150x150.jpg 150w, https:\/\/fh-adler.de\/wp-content\/uploads\/2019\/04\/IMG_2320-kompr-300x300.jpg 300w, https:\/\/fh-adler.de\/wp-content\/uploads\/2019\/04\/IMG_2320-kompr-75x75.jpg 75w\" sizes=\"(max-width: 150px) 100vw, 150px\" \/><\/a>\n\t\t\t<\/div>\n\t\t\t\t<figcaption class='wp-caption-text gallery-caption' id='gallery-1-257'>\n\t\t\t\tFerienhaus\n\t\t\t\t<\/figcaption><\/figure><figure class='gallery-item'>\n\t\t\t<div class='gallery-icon landscape'>\n\t\t\t\t<a data-elementor-open-lightbox=\"yes\" data-elementor-lightbox-slideshow=\"2ab0d9d\" data-elementor-lightbox-title=\"Wohnzimmer\" e-action-hash=\"#elementor-action%3Aaction%3Dlightbox%26settings%3DeyJpZCI6MjcwLCJ1cmwiOiJodHRwczpcL1wvZmgtYWRsZXIuZGVcL3dwLWNvbnRlbnRcL3VwbG9hZHNcLzIwMTlcLzA0XC9Xb2huemltbWVyLmpwZyIsInNsaWRlc2hvdyI6IjJhYjBkOWQifQ%3D%3D\" href='https:\/\/fh-adler.de\/wp-content\/uploads\/2019\/04\/Wohnzimmer.jpg'><img loading=\"lazy\" decoding=\"async\" width=\"150\" height=\"150\" src=\"https:\/\/fh-adler.de\/wp-content\/uploads\/2019\/04\/Wohnzimmer-150x150.jpg\" class=\"attachment-thumbnail size-thumbnail\" alt=\"\" aria-describedby=\"gallery-1-270\" srcset=\"https:\/\/fh-adler.de\/wp-content\/uploads\/2019\/04\/Wohnzimmer-150x150.jpg 150w, https:\/\/fh-adler.de\/wp-content\/uploads\/2019\/04\/Wohnzimmer-300x300.jpg 300w, https:\/\/fh-adler.de\/wp-content\/uploads\/2019\/04\/Wohnzimmer-75x75.jpg 75w\" sizes=\"(max-width: 150px) 100vw, 150px\" \/><\/a>\n\t\t\t<\/div>\n\t\t\t\t<figcaption class='wp-caption-text gallery-caption' id='gallery-1-270'>\n\t\t\t\tZimmer unten\n\t\t\t\t<\/figcaption><\/figure><figure class='gallery-item'>\n\t\t\t<div class='gallery-icon landscape'>\n\t\t\t\t<a data-elementor-open-lightbox=\"yes\" data-elementor-lightbox-slideshow=\"2ab0d9d\" data-elementor-lightbox-title=\"Sauna\" e-action-hash=\"#elementor-action%3Aaction%3Dlightbox%26settings%3DeyJpZCI6MjY1LCJ1cmwiOiJodHRwczpcL1wvZmgtYWRsZXIuZGVcL3dwLWNvbnRlbnRcL3VwbG9hZHNcLzIwMTlcLzA0XC9TYXVuYS5qcGciLCJzbGlkZXNob3ciOiIyYWIwZDlkIn0%3D\" href='https:\/\/fh-adler.de\/wp-content\/uploads\/2019\/04\/Sauna.jpg'><img loading=\"lazy\" decoding=\"async\" width=\"150\" height=\"150\" src=\"https:\/\/fh-adler.de\/wp-content\/uploads\/2019\/04\/Sauna-150x150.jpg\" class=\"attachment-thumbnail size-thumbnail\" alt=\"\" aria-describedby=\"gallery-1-265\" srcset=\"https:\/\/fh-adler.de\/wp-content\/uploads\/2019\/04\/Sauna-150x150.jpg 150w, https:\/\/fh-adler.de\/wp-content\/uploads\/2019\/04\/Sauna-300x300.jpg 300w, https:\/\/fh-adler.de\/wp-content\/uploads\/2019\/04\/Sauna-75x75.jpg 75w\" sizes=\"(max-width: 150px) 100vw, 150px\" \/><\/a>\n\t\t\t<\/div>\n\t\t\t\t<figcaption class='wp-caption-text gallery-caption' id='gallery-1-265'>\n\t\t\t\tKaminecke\n\t\t\t\t<\/figcaption><\/figure><figure class='gallery-item'>\n\t\t\t<div class='gallery-icon portrait'>\n\t\t\t\t<a data-elementor-open-lightbox=\"yes\" data-elementor-lightbox-slideshow=\"2ab0d9d\" data-elementor-lightbox-title=\"kueche\" e-action-hash=\"#elementor-action%3Aaction%3Dlightbox%26settings%3DeyJpZCI6MjYxLCJ1cmwiOiJodHRwczpcL1wvZmgtYWRsZXIuZGVcL3dwLWNvbnRlbnRcL3VwbG9hZHNcLzIwMTlcLzA0XC9rdWVjaGUuanBnIiwic2xpZGVzaG93IjoiMmFiMGQ5ZCJ9\" href='https:\/\/fh-adler.de\/wp-content\/uploads\/2019\/04\/kueche.jpg'><img loading=\"lazy\" decoding=\"async\" width=\"150\" height=\"150\" src=\"https:\/\/fh-adler.de\/wp-content\/uploads\/2019\/04\/kueche-150x150.jpg\" class=\"attachment-thumbnail size-thumbnail\" alt=\"\" srcset=\"https:\/\/fh-adler.de\/wp-content\/uploads\/2019\/04\/kueche-150x150.jpg 150w, https:\/\/fh-adler.de\/wp-content\/uploads\/2019\/04\/kueche-300x300.jpg 300w, https:\/\/fh-adler.de\/wp-content\/uploads\/2019\/04\/kueche-75x75.jpg 75w\" sizes=\"(max-width: 150px) 100vw, 150px\" \/><\/a>\n\t\t\t<\/div><\/figure><figure class='gallery-item'>\n\t\t\t<div class='gallery-icon landscape'>\n\t\t\t\t<a data-elementor-open-lightbox=\"yes\" data-elementor-lightbox-slideshow=\"2ab0d9d\" data-elementor-lightbox-title=\"Zimmer-oben\" e-action-hash=\"#elementor-action%3Aaction%3Dlightbox%26settings%3DeyJpZCI6MjcxLCJ1cmwiOiJodHRwczpcL1wvZmgtYWRsZXIuZGVcL3dwLWNvbnRlbnRcL3VwbG9hZHNcLzIwMTlcLzA0XC9aaW1tZXItb2Jlbi5qcGciLCJzbGlkZXNob3ciOiIyYWIwZDlkIn0%3D\" href='https:\/\/fh-adler.de\/wp-content\/uploads\/2019\/04\/Zimmer-oben.jpg'><img loading=\"lazy\" decoding=\"async\" width=\"150\" height=\"150\" src=\"https:\/\/fh-adler.de\/wp-content\/uploads\/2019\/04\/Zimmer-oben-150x150.jpg\" class=\"attachment-thumbnail size-thumbnail\" alt=\"\" aria-describedby=\"gallery-1-271\" srcset=\"https:\/\/fh-adler.de\/wp-content\/uploads\/2019\/04\/Zimmer-oben-150x150.jpg 150w, https:\/\/fh-adler.de\/wp-content\/uploads\/2019\/04\/Zimmer-oben-300x300.jpg 300w, https:\/\/fh-adler.de\/wp-content\/uploads\/2019\/04\/Zimmer-oben-75x75.jpg 75w\" sizes=\"(max-width: 150px) 100vw, 150px\" \/><\/a>\n\t\t\t<\/div>\n\t\t\t\t<figcaption class='wp-caption-text gallery-caption' id='gallery-1-271'>\n\t\t\t\tZimmer oben\n\t\t\t\t<\/figcaption><\/figure><figure class='gallery-item'>\n\t\t\t<div class='gallery-icon landscape'>\n\t\t\t\t<a data-elementor-open-lightbox=\"yes\" data-elementor-lightbox-slideshow=\"2ab0d9d\" data-elementor-lightbox-title=\"Zimmer-oben-mit-Truhe\" e-action-hash=\"#elementor-action%3Aaction%3Dlightbox%26settings%3DeyJpZCI6MjcyLCJ1cmwiOiJodHRwczpcL1wvZmgtYWRsZXIuZGVcL3dwLWNvbnRlbnRcL3VwbG9hZHNcLzIwMTlcLzA0XC9aaW1tZXItb2Jlbi1taXQtVHJ1aGUuanBnIiwic2xpZGVzaG93IjoiMmFiMGQ5ZCJ9\" href='https:\/\/fh-adler.de\/wp-content\/uploads\/2019\/04\/Zimmer-oben-mit-Truhe.jpg'><img loading=\"lazy\" decoding=\"async\" width=\"150\" height=\"150\" src=\"https:\/\/fh-adler.de\/wp-content\/uploads\/2019\/04\/Zimmer-oben-mit-Truhe-150x150.jpg\" class=\"attachment-thumbnail size-thumbnail\" alt=\"\" aria-describedby=\"gallery-1-272\" srcset=\"https:\/\/fh-adler.de\/wp-content\/uploads\/2019\/04\/Zimmer-oben-mit-Truhe-150x150.jpg 150w, https:\/\/fh-adler.de\/wp-content\/uploads\/2019\/04\/Zimmer-oben-mit-Truhe-300x300.jpg 300w, https:\/\/fh-adler.de\/wp-content\/uploads\/2019\/04\/Zimmer-oben-mit-Truhe-75x75.jpg 75w\" sizes=\"(max-width: 150px) 100vw, 150px\" \/><\/a>\n\t\t\t<\/div>\n\t\t\t\t<figcaption class='wp-caption-text gallery-caption' id='gallery-1-272'>\n\t\t\t\tZimmer oben\n\t\t\t\t<\/figcaption><\/figure><figure class='gallery-item'>\n\t\t\t<div class='gallery-icon landscape'>\n\t\t\t\t<a data-elementor-open-lightbox=\"yes\" data-elementor-lightbox-slideshow=\"2ab0d9d\" data-elementor-lightbox-title=\"aufenthaltsraum-oben\" e-action-hash=\"#elementor-action%3Aaction%3Dlightbox%26settings%3DeyJpZCI6NzIsInVybCI6Imh0dHBzOlwvXC9maC1hZGxlci5kZVwvd3AtY29udGVudFwvdXBsb2Fkc1wvMjAxOVwvMDRcL2F1ZmVudGhhbHRzcmF1bS1vYmVuLmpwZyIsInNsaWRlc2hvdyI6IjJhYjBkOWQifQ%3D%3D\" href='https:\/\/fh-adler.de\/wp-content\/uploads\/2019\/04\/aufenthaltsraum-oben.jpg'><img loading=\"lazy\" decoding=\"async\" width=\"150\" height=\"150\" src=\"https:\/\/fh-adler.de\/wp-content\/uploads\/2019\/04\/aufenthaltsraum-oben-150x150.jpg\" class=\"attachment-thumbnail size-thumbnail\" alt=\"\" aria-describedby=\"gallery-1-72\" srcset=\"https:\/\/fh-adler.de\/wp-content\/uploads\/2019\/04\/aufenthaltsraum-oben-150x150.jpg 150w, https:\/\/fh-adler.de\/wp-content\/uploads\/2019\/04\/aufenthaltsraum-oben-300x300.jpg 300w, https:\/\/fh-adler.de\/wp-content\/uploads\/2019\/04\/aufenthaltsraum-oben-75x75.jpg 75w\" sizes=\"(max-width: 150px) 100vw, 150px\" \/><\/a>\n\t\t\t<\/div>\n\t\t\t\t<figcaption class='wp-caption-text gallery-caption' id='gallery-1-72'>\n\t\t\t\tWohnraum oben\n\t\t\t\t<\/figcaption><\/figure><figure class='gallery-item'>\n\t\t\t<div class='gallery-icon landscape'>\n\t\t\t\t<a data-elementor-open-lightbox=\"yes\" data-elementor-lightbox-slideshow=\"2ab0d9d\" data-elementor-lightbox-title=\"schalfzi-O-ohne-teppich-web\" e-action-hash=\"#elementor-action%3Aaction%3Dlightbox%26settings%3DeyJpZCI6OTYsInVybCI6Imh0dHBzOlwvXC9maC1hZGxlci5kZVwvd3AtY29udGVudFwvdXBsb2Fkc1wvMjAxOVwvMDRcL3NjaGFsZnppLU8tb2huZS10ZXBwaWNoLXdlYi5qcGciLCJzbGlkZXNob3ciOiIyYWIwZDlkIn0%3D\" href='https:\/\/fh-adler.de\/wp-content\/uploads\/2019\/04\/schalfzi-O-ohne-teppich-web.jpg'><img loading=\"lazy\" decoding=\"async\" width=\"150\" height=\"150\" src=\"https:\/\/fh-adler.de\/wp-content\/uploads\/2019\/04\/schalfzi-O-ohne-teppich-web-150x150.jpg\" class=\"attachment-thumbnail size-thumbnail\" alt=\"\" aria-describedby=\"gallery-1-96\" srcset=\"https:\/\/fh-adler.de\/wp-content\/uploads\/2019\/04\/schalfzi-O-ohne-teppich-web-150x150.jpg 150w, https:\/\/fh-adler.de\/wp-content\/uploads\/2019\/04\/schalfzi-O-ohne-teppich-web-300x300.jpg 300w, https:\/\/fh-adler.de\/wp-content\/uploads\/2019\/04\/schalfzi-O-ohne-teppich-web-768x767.jpg 768w, https:\/\/fh-adler.de\/wp-content\/uploads\/2019\/04\/schalfzi-O-ohne-teppich-web-1024x1024.jpg 1024w, https:\/\/fh-adler.de\/wp-content\/uploads\/2019\/04\/schalfzi-O-ohne-teppich-web-1140x1139.jpg 1140w, https:\/\/fh-adler.de\/wp-content\/uploads\/2019\/04\/schalfzi-O-ohne-teppich-web-75x75.jpg 75w\" sizes=\"(max-width: 150px) 100vw, 150px\" \/><\/a>\n\t\t\t<\/div>\n\t\t\t\t<figcaption class='wp-caption-text gallery-caption' id='gallery-1-96'>\n\t\t\t\tSchlafzimmer oben\n\t\t\t\t<\/figcaption><\/figure><figure class='gallery-item'>\n\t\t\t<div class='gallery-icon landscape'>\n\t\t\t\t<a data-elementor-open-lightbox=\"yes\" data-elementor-lightbox-slideshow=\"2ab0d9d\" data-elementor-lightbox-title=\"Schlafzimmer-unten\" e-action-hash=\"#elementor-action%3Aaction%3Dlightbox%26settings%3DeyJpZCI6MjY2LCJ1cmwiOiJodHRwczpcL1wvZmgtYWRsZXIuZGVcL3dwLWNvbnRlbnRcL3VwbG9hZHNcLzIwMTlcLzA0XC9TY2hsYWZ6aW1tZXItdW50ZW4uanBnIiwic2xpZGVzaG93IjoiMmFiMGQ5ZCJ9\" href='https:\/\/fh-adler.de\/wp-content\/uploads\/2019\/04\/Schlafzimmer-unten.jpg'><img loading=\"lazy\" decoding=\"async\" width=\"150\" height=\"150\" src=\"https:\/\/fh-adler.de\/wp-content\/uploads\/2019\/04\/Schlafzimmer-unten-150x150.jpg\" class=\"attachment-thumbnail size-thumbnail\" alt=\"\" aria-describedby=\"gallery-1-266\" srcset=\"https:\/\/fh-adler.de\/wp-content\/uploads\/2019\/04\/Schlafzimmer-unten-150x150.jpg 150w, https:\/\/fh-adler.de\/wp-content\/uploads\/2019\/04\/Schlafzimmer-unten-300x300.jpg 300w, https:\/\/fh-adler.de\/wp-content\/uploads\/2019\/04\/Schlafzimmer-unten-75x75.jpg 75w\" sizes=\"(max-width: 150px) 100vw, 150px\" \/><\/a>\n\t\t\t<\/div>\n\t\t\t\t<figcaption class='wp-caption-text gallery-caption' id='gallery-1-266'>\n\t\t\t\tSchlafzimmer unten\n\t\t\t\t<\/figcaption><\/figure><figure class='gallery-item'>\n\t\t\t<div class='gallery-icon portrait'>\n\t\t\t\t<a data-elementor-open-lightbox=\"yes\" data-elementor-lightbox-slideshow=\"2ab0d9d\" data-elementor-lightbox-title=\"Dusche\" e-action-hash=\"#elementor-action%3Aaction%3Dlightbox%26settings%3DeyJpZCI6MjU4LCJ1cmwiOiJodHRwczpcL1wvZmgtYWRsZXIuZGVcL3dwLWNvbnRlbnRcL3VwbG9hZHNcLzIwMTlcLzA0XC9EdXNjaGUuanBnIiwic2xpZGVzaG93IjoiMmFiMGQ5ZCJ9\" href='https:\/\/fh-adler.de\/wp-content\/uploads\/2019\/04\/Dusche.jpg'><img loading=\"lazy\" decoding=\"async\" width=\"150\" height=\"150\" src=\"https:\/\/fh-adler.de\/wp-content\/uploads\/2019\/04\/Dusche-150x150.jpg\" class=\"attachment-thumbnail size-thumbnail\" alt=\"\" aria-describedby=\"gallery-1-258\" srcset=\"https:\/\/fh-adler.de\/wp-content\/uploads\/2019\/04\/Dusche-150x150.jpg 150w, https:\/\/fh-adler.de\/wp-content\/uploads\/2019\/04\/Dusche-300x300.jpg 300w, https:\/\/fh-adler.de\/wp-content\/uploads\/2019\/04\/Dusche-75x75.jpg 75w\" sizes=\"(max-width: 150px) 100vw, 150px\" \/><\/a>\n\t\t\t<\/div>\n\t\t\t\t<figcaption class='wp-caption-text gallery-caption' id='gallery-1-258'>\n\t\t\t\tWC\n\t\t\t\t<\/figcaption><\/figure><figure class='gallery-item'>\n\t\t\t<div class='gallery-icon landscape'>\n\t\t\t\t<a data-elementor-open-lightbox=\"yes\" data-elementor-lightbox-slideshow=\"2ab0d9d\" data-elementor-lightbox-title=\"DSC00296\" e-action-hash=\"#elementor-action%3Aaction%3Dlightbox%26settings%3DeyJpZCI6OTAsInVybCI6Imh0dHBzOlwvXC9maC1hZGxlci5kZVwvd3AtY29udGVudFwvdXBsb2Fkc1wvMjAxOVwvMDRcL0RTQzAwMjk2LmpwZyIsInNsaWRlc2hvdyI6IjJhYjBkOWQifQ%3D%3D\" href='https:\/\/fh-adler.de\/wp-content\/uploads\/2019\/04\/DSC00296.jpg'><img loading=\"lazy\" decoding=\"async\" width=\"150\" height=\"150\" src=\"https:\/\/fh-adler.de\/wp-content\/uploads\/2019\/04\/DSC00296-150x150.jpg\" class=\"attachment-thumbnail size-thumbnail\" alt=\"\" aria-describedby=\"gallery-1-90\" srcset=\"https:\/\/fh-adler.de\/wp-content\/uploads\/2019\/04\/DSC00296-150x150.jpg 150w, https:\/\/fh-adler.de\/wp-content\/uploads\/2019\/04\/DSC00296-300x300.jpg 300w, https:\/\/fh-adler.de\/wp-content\/uploads\/2019\/04\/DSC00296-75x75.jpg 75w\" sizes=\"(max-width: 150px) 100vw, 150px\" \/><\/a>\n\t\t\t<\/div>\n\t\t\t\t<figcaption class='wp-caption-text gallery-caption' id='gallery-1-90'>\n\t\t\t\tAlte Scheune\n\t\t\t\t<\/figcaption><\/figure><figure class='gallery-item'>\n\t\t\t<div class='gallery-icon landscape'>\n\t\t\t\t<a data-elementor-open-lightbox=\"yes\" data-elementor-lightbox-slideshow=\"2ab0d9d\" data-elementor-lightbox-title=\"IMG_2316 kompr\" e-action-hash=\"#elementor-action%3Aaction%3Dlightbox%26settings%3DeyJpZCI6MjU1LCJ1cmwiOiJodHRwczpcL1wvZmgtYWRsZXIuZGVcL3dwLWNvbnRlbnRcL3VwbG9hZHNcLzIwMTlcLzA0XC9JTUdfMjMxNi1rb21wci5qcGciLCJzbGlkZXNob3ciOiIyYWIwZDlkIn0%3D\" href='https:\/\/fh-adler.de\/wp-content\/uploads\/2019\/04\/IMG_2316-kompr.jpg'><img loading=\"lazy\" decoding=\"async\" width=\"150\" height=\"150\" src=\"https:\/\/fh-adler.de\/wp-content\/uploads\/2019\/04\/IMG_2316-kompr-150x150.jpg\" class=\"attachment-thumbnail size-thumbnail\" alt=\"\" srcset=\"https:\/\/fh-adler.de\/wp-content\/uploads\/2019\/04\/IMG_2316-kompr-150x150.jpg 150w, https:\/\/fh-adler.de\/wp-content\/uploads\/2019\/04\/IMG_2316-kompr-300x300.jpg 300w, https:\/\/fh-adler.de\/wp-content\/uploads\/2019\/04\/IMG_2316-kompr-75x75.jpg 75w\" sizes=\"(max-width: 150px) 100vw, 150px\" \/><\/a>\n\t\t\t<\/div><\/figure><figure class='gallery-item'>\n\t\t\t<div class='gallery-icon landscape'>\n\t\t\t\t<a data-elementor-open-lightbox=\"yes\" data-elementor-lightbox-slideshow=\"2ab0d9d\" data-elementor-lightbox-title=\"IMG_2317 kompr\" e-action-hash=\"#elementor-action%3Aaction%3Dlightbox%26settings%3DeyJpZCI6MjU2LCJ1cmwiOiJodHRwczpcL1wvZmgtYWRsZXIuZGVcL3dwLWNvbnRlbnRcL3VwbG9hZHNcLzIwMTlcLzA0XC9JTUdfMjMxNy1rb21wci5qcGciLCJzbGlkZXNob3ciOiIyYWIwZDlkIn0%3D\" href='https:\/\/fh-adler.de\/wp-content\/uploads\/2019\/04\/IMG_2317-kompr.jpg'><img loading=\"lazy\" decoding=\"async\" width=\"150\" height=\"150\" src=\"https:\/\/fh-adler.de\/wp-content\/uploads\/2019\/04\/IMG_2317-kompr-150x150.jpg\" class=\"attachment-thumbnail size-thumbnail\" alt=\"\" srcset=\"https:\/\/fh-adler.de\/wp-content\/uploads\/2019\/04\/IMG_2317-kompr-150x150.jpg 150w, https:\/\/fh-adler.de\/wp-content\/uploads\/2019\/04\/IMG_2317-kompr-300x300.jpg 300w, https:\/\/fh-adler.de\/wp-content\/uploads\/2019\/04\/IMG_2317-kompr-75x75.jpg 75w\" sizes=\"(max-width: 150px) 100vw, 150px\" \/><\/a>\n\t\t\t<\/div><\/figure><figure class='gallery-item'>\n\t\t\t<div class='gallery-icon landscape'>\n\t\t\t\t<a data-elementor-open-lightbox=\"yes\" data-elementor-lightbox-slideshow=\"2ab0d9d\" data-elementor-lightbox-title=\"Gartenbeet\" e-action-hash=\"#elementor-action%3Aaction%3Dlightbox%26settings%3DeyJpZCI6MjU5LCJ1cmwiOiJodHRwczpcL1wvZmgtYWRsZXIuZGVcL3dwLWNvbnRlbnRcL3VwbG9hZHNcLzIwMTlcLzA0XC9HYXJ0ZW5iZWV0LmpwZyIsInNsaWRlc2hvdyI6IjJhYjBkOWQifQ%3D%3D\" href='https:\/\/fh-adler.de\/wp-content\/uploads\/2019\/04\/Gartenbeet.jpg'><img loading=\"lazy\" decoding=\"async\" width=\"150\" height=\"150\" src=\"https:\/\/fh-adler.de\/wp-content\/uploads\/2019\/04\/Gartenbeet-150x150.jpg\" class=\"attachment-thumbnail size-thumbnail\" alt=\"\" aria-describedby=\"gallery-1-259\" srcset=\"https:\/\/fh-adler.de\/wp-content\/uploads\/2019\/04\/Gartenbeet-150x150.jpg 150w, https:\/\/fh-adler.de\/wp-content\/uploads\/2019\/04\/Gartenbeet-300x300.jpg 300w, https:\/\/fh-adler.de\/wp-content\/uploads\/2019\/04\/Gartenbeet-75x75.jpg 75w\" sizes=\"(max-width: 150px) 100vw, 150px\" \/><\/a>\n\t\t\t<\/div>\n\t\t\t\t<figcaption class='wp-caption-text gallery-caption' id='gallery-1-259'>\n\t\t\t\tKr\u00e4utergarten\n\t\t\t\t<\/figcaption><\/figure><figure class='gallery-item'>\n\t\t\t<div class='gallery-icon landscape'>\n\t\t\t\t<a data-elementor-open-lightbox=\"yes\" data-elementor-lightbox-slideshow=\"2ab0d9d\" data-elementor-lightbox-title=\"IMG_3134\" e-action-hash=\"#elementor-action%3Aaction%3Dlightbox%26settings%3DeyJpZCI6MjYwLCJ1cmwiOiJodHRwczpcL1wvZmgtYWRsZXIuZGVcL3dwLWNvbnRlbnRcL3VwbG9hZHNcLzIwMTlcLzA0XC9JTUdfMzEzNC5qcGciLCJzbGlkZXNob3ciOiIyYWIwZDlkIn0%3D\" href='https:\/\/fh-adler.de\/wp-content\/uploads\/2019\/04\/IMG_3134.jpg'><img loading=\"lazy\" decoding=\"async\" width=\"150\" height=\"150\" src=\"https:\/\/fh-adler.de\/wp-content\/uploads\/2019\/04\/IMG_3134-150x150.jpg\" class=\"attachment-thumbnail size-thumbnail\" alt=\"\" aria-describedby=\"gallery-1-260\" srcset=\"https:\/\/fh-adler.de\/wp-content\/uploads\/2019\/04\/IMG_3134-150x150.jpg 150w, https:\/\/fh-adler.de\/wp-content\/uploads\/2019\/04\/IMG_3134-300x300.jpg 300w, https:\/\/fh-adler.de\/wp-content\/uploads\/2019\/04\/IMG_3134-75x75.jpg 75w\" sizes=\"(max-width: 150px) 100vw, 150px\" \/><\/a>\n\t\t\t<\/div>\n\t\t\t\t<figcaption class='wp-caption-text gallery-caption' id='gallery-1-260'>\n\t\t\t\tGartenlavendel\n\t\t\t\t<\/figcaption><\/figure><figure class='gallery-item'>\n\t\t\t<div class='gallery-icon portrait'>\n\t\t\t\t<a data-elementor-open-lightbox=\"yes\" data-elementor-lightbox-slideshow=\"2ab0d9d\" data-elementor-lightbox-title=\"Steingarten\" e-action-hash=\"#elementor-action%3Aaction%3Dlightbox%26settings%3DeyJpZCI6MjY3LCJ1cmwiOiJodHRwczpcL1wvZmgtYWRsZXIuZGVcL3dwLWNvbnRlbnRcL3VwbG9hZHNcLzIwMTlcLzA0XC9TdGVpbmdhcnRlbi5qcGciLCJzbGlkZXNob3ciOiIyYWIwZDlkIn0%3D\" href='https:\/\/fh-adler.de\/wp-content\/uploads\/2019\/04\/Steingarten.jpg'><img loading=\"lazy\" decoding=\"async\" width=\"150\" height=\"150\" src=\"https:\/\/fh-adler.de\/wp-content\/uploads\/2019\/04\/Steingarten-150x150.jpg\" class=\"attachment-thumbnail size-thumbnail\" alt=\"\" aria-describedby=\"gallery-1-267\" srcset=\"https:\/\/fh-adler.de\/wp-content\/uploads\/2019\/04\/Steingarten-150x150.jpg 150w, https:\/\/fh-adler.de\/wp-content\/uploads\/2019\/04\/Steingarten-300x300.jpg 300w, https:\/\/fh-adler.de\/wp-content\/uploads\/2019\/04\/Steingarten-75x75.jpg 75w\" sizes=\"(max-width: 150px) 100vw, 150px\" \/><\/a>\n\t\t\t<\/div>\n\t\t\t\t<figcaption class='wp-caption-text gallery-caption' id='gallery-1-267'>\n\t\t\t\tSteingarten\n\t\t\t\t<\/figcaption><\/figure><figure class='gallery-item'>\n\t\t\t<div class='gallery-icon landscape'>\n\t\t\t\t<a data-elementor-open-lightbox=\"yes\" data-elementor-lightbox-slideshow=\"2ab0d9d\" data-elementor-lightbox-title=\"Molch\" e-action-hash=\"#elementor-action%3Aaction%3Dlightbox%26settings%3DeyJpZCI6MjYyLCJ1cmwiOiJodHRwczpcL1wvZmgtYWRsZXIuZGVcL3dwLWNvbnRlbnRcL3VwbG9hZHNcLzIwMTlcLzA0XC9Nb2xjaC5qcGciLCJzbGlkZXNob3ciOiIyYWIwZDlkIn0%3D\" href='https:\/\/fh-adler.de\/wp-content\/uploads\/2019\/04\/Molch.jpg'><img loading=\"lazy\" decoding=\"async\" width=\"150\" height=\"150\" src=\"https:\/\/fh-adler.de\/wp-content\/uploads\/2019\/04\/Molch-150x150.jpg\" class=\"attachment-thumbnail size-thumbnail\" alt=\"\" aria-describedby=\"gallery-1-262\" srcset=\"https:\/\/fh-adler.de\/wp-content\/uploads\/2019\/04\/Molch-150x150.jpg 150w, https:\/\/fh-adler.de\/wp-content\/uploads\/2019\/04\/Molch-300x300.jpg 300w, https:\/\/fh-adler.de\/wp-content\/uploads\/2019\/04\/Molch-75x75.jpg 75w\" sizes=\"(max-width: 150px) 100vw, 150px\" \/><\/a>\n\t\t\t<\/div>\n\t\t\t\t<figcaption class='wp-caption-text gallery-caption' id='gallery-1-262'>\n\t\t\t\tMolch im Garten\n\t\t\t\t<\/figcaption><\/figure><figure class='gallery-item'>\n\t\t\t<div class='gallery-icon portrait'>\n\t\t\t\t<a data-elementor-open-lightbox=\"yes\" data-elementor-lightbox-slideshow=\"2ab0d9d\" data-elementor-lightbox-title=\"Obstbaum-im-Garten\" e-action-hash=\"#elementor-action%3Aaction%3Dlightbox%26settings%3DeyJpZCI6MjYzLCJ1cmwiOiJodHRwczpcL1wvZmgtYWRsZXIuZGVcL3dwLWNvbnRlbnRcL3VwbG9hZHNcLzIwMTlcLzA0XC9PYnN0YmF1bS1pbS1HYXJ0ZW4uanBnIiwic2xpZGVzaG93IjoiMmFiMGQ5ZCJ9\" href='https:\/\/fh-adler.de\/wp-content\/uploads\/2019\/04\/Obstbaum-im-Garten.jpg'><img loading=\"lazy\" decoding=\"async\" width=\"150\" height=\"150\" src=\"https:\/\/fh-adler.de\/wp-content\/uploads\/2019\/04\/Obstbaum-im-Garten-150x150.jpg\" class=\"attachment-thumbnail size-thumbnail\" alt=\"\" aria-describedby=\"gallery-1-263\" srcset=\"https:\/\/fh-adler.de\/wp-content\/uploads\/2019\/04\/Obstbaum-im-Garten-150x150.jpg 150w, https:\/\/fh-adler.de\/wp-content\/uploads\/2019\/04\/Obstbaum-im-Garten-300x300.jpg 300w, https:\/\/fh-adler.de\/wp-content\/uploads\/2019\/04\/Obstbaum-im-Garten-75x75.jpg 75w\" sizes=\"(max-width: 150px) 100vw, 150px\" \/><\/a>\n\t\t\t<\/div>\n\t\t\t\t<figcaption class='wp-caption-text gallery-caption' id='gallery-1-263'>\n\t\t\t\tObstb\u00e4ume im Garten\n\t\t\t\t<\/figcaption><\/figure><figure class='gallery-item'>\n\t\t\t<div class='gallery-icon portrait'>\n\t\t\t\t<a data-elementor-open-lightbox=\"yes\" data-elementor-lightbox-slideshow=\"2ab0d9d\" data-elementor-lightbox-title=\"Wein-im-Herbst\" e-action-hash=\"#elementor-action%3Aaction%3Dlightbox%26settings%3DeyJpZCI6MjY5LCJ1cmwiOiJodHRwczpcL1wvZmgtYWRsZXIuZGVcL3dwLWNvbnRlbnRcL3VwbG9hZHNcLzIwMTlcLzA0XC9XZWluLWltLUhlcmJzdC5qcGciLCJzbGlkZXNob3ciOiIyYWIwZDlkIn0%3D\" href='https:\/\/fh-adler.de\/wp-content\/uploads\/2019\/04\/Wein-im-Herbst.jpg'><img loading=\"lazy\" decoding=\"async\" width=\"150\" height=\"150\" src=\"https:\/\/fh-adler.de\/wp-content\/uploads\/2019\/04\/Wein-im-Herbst-150x150.jpg\" class=\"attachment-thumbnail size-thumbnail\" alt=\"\" aria-describedby=\"gallery-1-269\" srcset=\"https:\/\/fh-adler.de\/wp-content\/uploads\/2019\/04\/Wein-im-Herbst-150x150.jpg 150w, https:\/\/fh-adler.de\/wp-content\/uploads\/2019\/04\/Wein-im-Herbst-300x300.jpg 300w, https:\/\/fh-adler.de\/wp-content\/uploads\/2019\/04\/Wein-im-Herbst-75x75.jpg 75w\" sizes=\"(max-width: 150px) 100vw, 150px\" \/><\/a>\n\t\t\t<\/div>\n\t\t\t\t<figcaption class='wp-caption-text gallery-caption' id='gallery-1-269'>\n\t\t\t\tGarten im Herbst\n\t\t\t\t<\/figcaption><\/figure>\n\t\t<\/div>\n\t\t<\/div>\n\t\t\t\t<\/div>\n\t\t\t\t<\/div>\n\t\t\t\t\t\t<\/div>\n\t\t\t\t\t<\/div>\n\t\t<\/div>\n\t\t\t\t\t\t\t\t<\/div>\n\t\t\t\t\t<\/div>\n\t\t<\/section>\n\t\t\t\t\t\t\t\t\t<\/div>\n\t\t\t<\/div>\n\t\t\t\t\t<\/div>\n\t\t","protected":false},"excerpt":{"rendered":"<p>Das Ferienhaus wurde 1999 im regionalen Stil unter Beachtung baubiologischer Grunds\u00e4tze errichtet. Im Erdgeschoss (siehe Fotos) erwartet Sie ein gro\u00dfz\u00fcgiger Aufenthaltsraum (ca. 35 qm) mit integrierter komplett eingerichteter K\u00fcche und einer Blockbohlen-Sauna. Des Weiteren befindet sich hier ein Schlafraum f\u00fcr zwei Personen (zumeist f\u00fcr die Kinder genutzt) sowie ein WC mit Dusche.Im Obergeschoss (s. Fotos) finden Sie einen Aufenthaltsraum (ca. 25 qm) und einen Schlafraum mit Doppelbett. Der Aufenthaltsraum kann als zus\u00e4tzliche Schlafm\u00f6glichkeit f\u00fcr zwei Personen genutzt werden und bietet einen weiten Ausblick in die bewaldete H\u00fcgel-Landschaft, auf weidende Rinder oder \u2013 mit etwas Gl\u00fcck\u00a0\u2013\u00a0auch auf St\u00f6rche und Kraniche. Das Ferienhaus ist technisch modern ausgestattet:\u00a0 Blockbohlen-Sauna, Ceran-Herd, Sp\u00fclmaschine, SAT-TV,\u00a0W-LAN,\u00a0CD-Player, Zentralheizung, Kaminofen etc.\u00a0Am Ferienhaus befindet sich ein lauschiges Pl\u00e4tzchen mit Gartenm\u00f6beln und Grill.\u00a0 &#8230; und seine Lage Das Ferienhaus ist ruhig gelegen, im alten Dorfkern, aber im stra\u00dfenabgewandten Gartenteil des ehemaligen Bauerngeh\u00f6ftes auf einem 1ha gro\u00dfen Grundst\u00fcck.\u00a0 Im Garten finden Sie alte Apfelb\u00e4ume, interessante Pflanzen und einen im traditionell b\u00e4uerlichen Stil angelegten, \u00f6kologisch bewirtschafteten Gem\u00fcsegarten, dem Sie auch gern frische Gew\u00fcrze etc. entnehmen k\u00f6nnen. An den Garten grenzt eine Weide f\u00fcr meine bunte Gefl\u00fcgelschar (H\u00fchner, G\u00e4nse, Enten..) und die K\u00fche des Nachbarn. Fr\u00fchst\u00fcckseier von meinen \u00d6ko-H\u00fchnern gibt es gratis (wenn sie gut legen) und \u00c4pfel nat\u00fcrlich auch. Auf dem Grundst\u00fcck befindet sich eine ausgebaute alte Feldsteinscheune, in der ich wohne. Ansicht Ferienhaus Ferienhaus Zimmer unten Kaminecke Zimmer oben Zimmer oben Wohnraum oben Schlafzimmer oben Schlafzimmer unten WC Alte Scheune Kr\u00e4utergarten Gartenlavendel Steingarten Molch im Garten Obstb\u00e4ume im Garten Garten im Herbst<\/p>\n","protected":false},"author":1,"featured_media":0,"parent":0,"menu_order":2,"comment_status":"closed","ping_status":"closed","template":"","meta":{"footnotes":""},"_links":{"self":[{"href":"https:\/\/fh-adler.de\/index.php?rest_route=\/wp\/v2\/pages\/21"}],"collection":[{"href":"https:\/\/fh-adler.de\/index.php?rest_route=\/wp\/v2\/pages"}],"about":[{"href":"https:\/\/fh-adler.de\/index.php?rest_route=\/wp\/v2\/types\/page"}],"author":[{"embeddable":true,"href":"https:\/\/fh-adler.de\/index.php?rest_route=\/wp\/v2\/users\/1"}],"replies":[{"embeddable":true,"href":"https:\/\/fh-adler.de\/index.php?rest_route=%2Fwp%2Fv2%2Fcomments&post=21"}],"version-history":[{"count":38,"href":"https:\/\/fh-adler.de\/index.php?rest_route=\/wp\/v2\/pages\/21\/revisions"}],"predecessor-version":[{"id":346,"href":"https:\/\/fh-adler.de\/index.php?rest_route=\/wp\/v2\/pages\/21\/revisions\/346"}],"wp:attachment":[{"href":"https:\/\/fh-adler.de\/index.php?rest_route=%2Fwp%2Fv2%2Fmedia&parent=21"}],"curies":[{"name":"wp","href":"https:\/\/api.w.org\/{rel}","templated":true}]}}